{"id":12669,"date":"2019-01-07T17:19:59","date_gmt":"2019-01-07T16:19:59","guid":{"rendered":"https:\/\/www.giovenzana.com\/exposicoes\/"},"modified":"2025-02-25T12:02:38","modified_gmt":"2025-02-25T11:02:38","slug":"exposicoes","status":"publish","type":"page","link":"https:\/\/www.giovenzana.com\/pt-br\/exposicoes\/","title":{"rendered":"Exposi\u00e7\u00f5es"},"content":{"rendered":"<div class=\"wpb-content-wrapper\"><p>[vc_row equal_height=&#8221;yes&#8221;][vc_column width=&#8221;1\/2&#8243; css=&#8221;.vc_custom_1567066403450{background-color: #ffcf00 !important;}&#8221; offset=&#8221;vc_col-xs-6&#8243;][vc_btn title=&#8221;Arquivo de Fotos \u203a&#8221; style=&#8221;custom&#8221; custom_background=&#8221;#ffcf00&#8243; custom_text=&#8221;#000000&#8243; size=&#8221;lg&#8221; align=&#8221;center&#8221; i_icon_fontawesome=&#8221;&#8221; add_icon=&#8221;true&#8221; link=&#8221;url:https%3A%2F%2Fwww.giovenzana.com%2Fpt-br%2Fexposicoes%2Fgaleria-de-exposicoes%2F|&#8221;][\/vc_column][vc_column width=&#8221;1\/2&#8243; css=&#8221;.vc_custom_1567066407968{background-color: #222222 !important;}&#8221; offset=&#8221;vc_col-xs-6&#8243;][vc_btn title=&#8221;Arquivo de Feiras \u203a&#8221; style=&#8221;custom&#8221; custom_background=&#8221;#222222&#8243; custom_text=&#8221;#ffffff&#8221; size=&#8221;lg&#8221; align=&#8221;center&#8221; i_icon_fontawesome=&#8221;&#8221; add_icon=&#8221;true&#8221; link=&#8221;url:https%3A%2F%2Fwww.giovenzana.com%2Fpt-br%2Fexposicoes%2Farchivo-de-exposicoes%2F|&#8221;][\/vc_column][\/vc_row][vc_row][vc_column][vc_empty_space][vc_column_text]<\/p>\n<h3 style=\"text-align: center;\">Pr\u00f3ximas Exposi\u00e7\u00f5es<\/h3>\n<p>[\/vc_column_text][vc_basic_grid post_type=&#8221;post&#8221; max_items=&#8221;50&#8243; gap=&#8221;35&#8243; orderby=&#8221;meta_value&#8221; order=&#8221;ASC&#8221; item=&#8221;9855&#8243; initial_loading_animation=&#8221;none&#8221; grid_id=&#8221;vc_gid:1740480955075-b037aa65-a869-2&#8243; taxonomies=&#8221;2820&#8243; meta_key=&#8221;exh_dateStart&#8221;][\/vc_column][\/vc_row][vc_row][vc_column][vc_separator][\/vc_column][\/vc_row][vc_row][vc_column][vc_empty_space][vc_column_text]<\/p>\n<h3 style=\"text-align: center;\">Exposi\u00e7\u00f5es anteriores<\/h3>\n<p>[\/vc_column_text][vc_basic_grid post_type=&#8221;post&#8221; max_items=&#8221;8&#8243; style=&#8221;lazy&#8221; element_width=&#8221;3&#8243; gap=&#8221;35&#8243; item=&#8221;basicGrid_TextFirst&#8221; css=&#8221;.vc_custom_1740481356415{margin-right: 0px !important;margin-left: 0px !important;border-right-width: 0px !important;border-left-width: 0px !important;padding-right: 0px !important;padding-left: 0px !important;}&#8221; grid_id=&#8221;vc_gid:1740480955077-1847ca84-cec8-9&#8243; taxonomies=&#8221;2877&#8243;][\/vc_column][\/vc_row]<\/p>\n<\/div>","protected":false},"excerpt":{"rendered":"<p>[vc_row equal_height=&#8221;yes&#8221;][vc_column width=&#8221;1\/2&#8243; css=&#8221;.vc_custom_1567066403450{background-color: #ffcf00 !important;}&#8221; offset=&#8221;vc_col-xs-6&#8243;][vc_btn title=&#8221;Arquivo de Fotos \u203a&#8221; style=&#8221;custom&#8221; custom_background=&#8221;#ffcf00&#8243; custom_text=&#8221;#000000&#8243; size=&#8221;lg&#8221; align=&#8221;center&#8221; i_icon_fontawesome=&#8221;&#8221; add_icon=&#8221;true&#8221; link=&#8221;url:https%3A%2F%2Fwww.giovenzana.com%2Fpt-br%2Fexposicoes%2Fgaleria-de-exposicoes%2F|&#8221;][\/vc_column][vc_column width=&#8221;1\/2&#8243; css=&#8221;.vc_custom_1567066407968{background-color: #222222 !important;}&#8221; offset=&#8221;vc_col-xs-6&#8243;][vc_btn title=&#8221;Arquivo de Feiras \u203a&#8221; style=&#8221;custom&#8221; custom_background=&#8221;#222222&#8243; custom_text=&#8221;#ffffff&#8221; size=&#8221;lg&#8221; align=&#8221;center&#8221; i_icon_fontawesome=&#8221;&#8221; add_icon=&#8221;true&#8221; link=&#8221;url:https%3A%2F%2Fwww.giovenzana.com%2Fpt-br%2Fexposicoes%2Farchivo-de-exposicoes%2F|&#8221;][\/vc_column][\/vc_row][vc_row][vc_column][vc_empty_space][vc_column_text] Pr\u00f3ximas Exposi\u00e7\u00f5es [\/vc_column_text][vc_basic_grid post_type=&#8221;post&#8221; max_items=&#8221;50&#8243; gap=&#8221;35&#8243; orderby=&#8221;meta_value&#8221; order=&#8221;ASC&#8221; item=&#8221;9855&#8243; initial_loading_animation=&#8221;none&#8221; grid_id=&#8221;vc_gid:1740480955075-b037aa65-a869-2&#8243; taxonomies=&#8221;2820&#8243; meta_key=&#8221;exh_dateStart&#8221;][\/vc_column][\/vc_row][vc_row][vc_column][vc_separator][\/vc_column][\/vc_row][vc_row][vc_column][vc_empty_space][vc_column_text] Exposi\u00e7\u00f5es anteriores [\/vc_column_text][vc_basic_grid post_type=&#8221;post&#8221; max_items=&#8221;8&#8243; style=&#8221;lazy&#8221;&hellip;<\/p>\n","protected":false},"author":1,"featured_media":49362,"parent":0,"menu_order":5,"comment_status":"closed","ping_status":"closed","template":"","meta":{"_acf_changed":false,"ngg_post_thumbnail":0,"footnotes":""},"class_list":["post-12669","page","type-page","status-publish","has-post-thumbnail","hentry","description-off"],"acf":[],"yoast_head":"<!-- This site is optimized with the Yoast SEO plugin v24.4 - https:\/\/yoast.com\/wordpress\/plugins\/seo\/ -->\n<title>Exposi\u00e7\u00f5es &#8211; Giovenzana<\/title>\n<meta name=\"robots\" content=\"index, follow, max-snippet:-1, max-image-preview:large, max-video-preview:-1\" \/>\n<link rel=\"canonical\" href=\"https:\/\/www.giovenzana.com\/pt-br\/exposicoes\/\" \/>\n<meta property=\"og:locale\" content=\"pt_BR\" \/>\n<meta property=\"og:type\" content=\"article\" \/>\n<meta property=\"og:title\" content=\"Exposi\u00e7\u00f5es &#8211; Giovenzana\" \/>\n<meta property=\"og:description\" content=\"[vc_row equal_height=&#8221;yes&#8221;][vc_column width=&#8221;1\/2&#8243; css=&#8221;.vc_custom_1567066403450{background-color: #ffcf00 !important;}&#8221; offset=&#8221;vc_col-xs-6&#8243;][vc_btn title=&#8221;Arquivo de Fotos \u203a&#8221; style=&#8221;custom&#8221; custom_background=&#8221;#ffcf00&#8243; custom_text=&#8221;#000000&#8243; size=&#8221;lg&#8221; align=&#8221;center&#8221; i_icon_fontawesome=&#8221;&#8221; add_icon=&#8221;true&#8221; link=&#8221;url:https%3A%2F%2Fwww.giovenzana.com%2Fpt-br%2Fexposicoes%2Fgaleria-de-exposicoes%2F|&#8221;][\/vc_column][vc_column width=&#8221;1\/2&#8243; css=&#8221;.vc_custom_1567066407968{background-color: #222222 !important;}&#8221; offset=&#8221;vc_col-xs-6&#8243;][vc_btn title=&#8221;Arquivo de Feiras \u203a&#8221; style=&#8221;custom&#8221; custom_background=&#8221;#222222&#8243; custom_text=&#8221;#ffffff&#8221; size=&#8221;lg&#8221; align=&#8221;center&#8221; i_icon_fontawesome=&#8221;&#8221; add_icon=&#8221;true&#8221; link=&#8221;url:https%3A%2F%2Fwww.giovenzana.com%2Fpt-br%2Fexposicoes%2Farchivo-de-exposicoes%2F|&#8221;][\/vc_column][\/vc_row][vc_row][vc_column][vc_empty_space][vc_column_text] Pr\u00f3ximas Exposi\u00e7\u00f5es [\/vc_column_text][vc_basic_grid post_type=&#8221;post&#8221; max_items=&#8221;50&#8243; gap=&#8221;35&#8243; orderby=&#8221;meta_value&#8221; order=&#8221;ASC&#8221; item=&#8221;9855&#8243; initial_loading_animation=&#8221;none&#8221; grid_id=&#8221;vc_gid:1740480955075-b037aa65-a869-2&#8243; taxonomies=&#8221;2820&#8243; meta_key=&#8221;exh_dateStart&#8221;][\/vc_column][\/vc_row][vc_row][vc_column][vc_separator][\/vc_column][\/vc_row][vc_row][vc_column][vc_empty_space][vc_column_text] Exposi\u00e7\u00f5es anteriores [\/vc_column_text][vc_basic_grid post_type=&#8221;post&#8221; max_items=&#8221;8&#8243; style=&#8221;lazy&#8221;&hellip;\" \/>\n<meta property=\"og:url\" content=\"https:\/\/www.giovenzana.com\/pt-br\/exposicoes\/\" \/>\n<meta property=\"og:site_name\" content=\"Giovenzana\" \/>\n<meta property=\"article:publisher\" content=\"https:\/\/www.facebook.com\/giovenzanainternational\" \/>\n<meta property=\"article:modified_time\" content=\"2025-02-25T11:02:38+00:00\" \/>\n<meta property=\"og:image\" content=\"https:\/\/www.giovenzana.com\/wp-content\/uploads\/blurred-defocused-background-public-event-exhibition-hall-business-trade-show-concept_B.jpg\" \/>\n\t<meta property=\"og:image:width\" content=\"1920\" \/>\n\t<meta property=\"og:image:height\" content=\"1067\" \/>\n\t<meta property=\"og:image:type\" content=\"image\/jpeg\" \/>\n<meta name=\"twitter:card\" content=\"summary_large_image\" \/>\n<meta name=\"twitter:label1\" content=\"Est. tempo de leitura\" \/>\n\t<meta name=\"twitter:data1\" content=\"1 minuto\" \/>\n<script type=\"application\/ld+json\" class=\"yoast-schema-graph\">{\"@context\":\"https:\/\/schema.org\",\"@graph\":[{\"@type\":\"WebPage\",\"@id\":\"https:\/\/www.giovenzana.com\/pt-br\/exposicoes\/\",\"url\":\"https:\/\/www.giovenzana.com\/pt-br\/exposicoes\/\",\"name\":\"Exposi\u00e7\u00f5es &#8211; Giovenzana\",\"isPartOf\":{\"@id\":\"https:\/\/www.giovenzana.com\/pt-br\/#website\"},\"primaryImageOfPage\":{\"@id\":\"https:\/\/www.giovenzana.com\/pt-br\/exposicoes\/#primaryimage\"},\"image\":{\"@id\":\"https:\/\/www.giovenzana.com\/pt-br\/exposicoes\/#primaryimage\"},\"thumbnailUrl\":\"https:\/\/www.giovenzana.com\/wp-content\/uploads\/blurred-defocused-background-public-event-exhibition-hall-business-trade-show-concept_B.jpg\",\"datePublished\":\"2019-01-07T16:19:59+00:00\",\"dateModified\":\"2025-02-25T11:02:38+00:00\",\"breadcrumb\":{\"@id\":\"https:\/\/www.giovenzana.com\/pt-br\/exposicoes\/#breadcrumb\"},\"inLanguage\":\"pt-BR\",\"potentialAction\":[{\"@type\":\"ReadAction\",\"target\":[\"https:\/\/www.giovenzana.com\/pt-br\/exposicoes\/\"]}]},{\"@type\":\"ImageObject\",\"inLanguage\":\"pt-BR\",\"@id\":\"https:\/\/www.giovenzana.com\/pt-br\/exposicoes\/#primaryimage\",\"url\":\"https:\/\/www.giovenzana.com\/wp-content\/uploads\/blurred-defocused-background-public-event-exhibition-hall-business-trade-show-concept_B.jpg\",\"contentUrl\":\"https:\/\/www.giovenzana.com\/wp-content\/uploads\/blurred-defocused-background-public-event-exhibition-hall-business-trade-show-concept_B.jpg\",\"width\":1920,\"height\":1067,\"caption\":\"Blurred Defocused Background Public Event Exhibition Hall Business Trade Show Concept B\"},{\"@type\":\"BreadcrumbList\",\"@id\":\"https:\/\/www.giovenzana.com\/pt-br\/exposicoes\/#breadcrumb\",\"itemListElement\":[{\"@type\":\"ListItem\",\"position\":1,\"name\":\"Home\",\"item\":\"https:\/\/www.giovenzana.com\/pt-br\/\"},{\"@type\":\"ListItem\",\"position\":2,\"name\":\"Exposi\u00e7\u00f5es\"}]},{\"@type\":\"WebSite\",\"@id\":\"https:\/\/www.giovenzana.com\/pt-br\/#website\",\"url\":\"https:\/\/www.giovenzana.com\/pt-br\/\",\"name\":\"Giovenzana\",\"description\":\"Piccoli oggetti d\u2019arte di grande tecnologia\",\"publisher\":{\"@id\":\"https:\/\/www.giovenzana.com\/pt-br\/#organization\"},\"potentialAction\":[{\"@type\":\"SearchAction\",\"target\":{\"@type\":\"EntryPoint\",\"urlTemplate\":\"https:\/\/www.giovenzana.com\/pt-br\/?s={search_term_string}\"},\"query-input\":{\"@type\":\"PropertyValueSpecification\",\"valueRequired\":true,\"valueName\":\"search_term_string\"}}],\"inLanguage\":\"pt-BR\"},{\"@type\":\"Organization\",\"@id\":\"https:\/\/www.giovenzana.com\/pt-br\/#organization\",\"name\":\"Giovenzana International B.V.\",\"url\":\"https:\/\/www.giovenzana.com\/pt-br\/\",\"logo\":{\"@type\":\"ImageObject\",\"inLanguage\":\"pt-BR\",\"@id\":\"https:\/\/www.giovenzana.com\/pt-br\/#\/schema\/logo\/image\/\",\"url\":\"https:\/\/www.giovenzana.com\/wp-content\/uploads\/logo-giovenzana-international.png\",\"contentUrl\":\"https:\/\/www.giovenzana.com\/wp-content\/uploads\/logo-giovenzana-international.png\",\"width\":301,\"height\":98,\"caption\":\"Giovenzana International B.V.\"},\"image\":{\"@id\":\"https:\/\/www.giovenzana.com\/pt-br\/#\/schema\/logo\/image\/\"},\"sameAs\":[\"https:\/\/www.facebook.com\/giovenzanainternational\",\"https:\/\/www.linkedin.com\/company\/giovenzanainternational\",\"https:\/\/www.youtube.com\/channel\/UCN-H9aOP26hpeo4zqxpGTxw\"]}]}<\/script>\n<!-- \/ Yoast SEO plugin. -->","yoast_head_json":{"title":"Exposi\u00e7\u00f5es &#8211; Giovenzana","robots":{"index":"index","follow":"follow","max-snippet":"max-snippet:-1","max-image-preview":"max-image-preview:large","max-video-preview":"max-video-preview:-1"},"canonical":"https:\/\/www.giovenzana.com\/pt-br\/exposicoes\/","og_locale":"pt_BR","og_type":"article","og_title":"Exposi\u00e7\u00f5es &#8211; Giovenzana","og_description":"[vc_row equal_height=&#8221;yes&#8221;][vc_column width=&#8221;1\/2&#8243; css=&#8221;.vc_custom_1567066403450{background-color: #ffcf00 !important;}&#8221; offset=&#8221;vc_col-xs-6&#8243;][vc_btn title=&#8221;Arquivo de Fotos \u203a&#8221; style=&#8221;custom&#8221; custom_background=&#8221;#ffcf00&#8243; custom_text=&#8221;#000000&#8243; size=&#8221;lg&#8221; align=&#8221;center&#8221; i_icon_fontawesome=&#8221;&#8221; add_icon=&#8221;true&#8221; link=&#8221;url:https%3A%2F%2Fwww.giovenzana.com%2Fpt-br%2Fexposicoes%2Fgaleria-de-exposicoes%2F|&#8221;][\/vc_column][vc_column width=&#8221;1\/2&#8243; css=&#8221;.vc_custom_1567066407968{background-color: #222222 !important;}&#8221; offset=&#8221;vc_col-xs-6&#8243;][vc_btn title=&#8221;Arquivo de Feiras \u203a&#8221; style=&#8221;custom&#8221; custom_background=&#8221;#222222&#8243; custom_text=&#8221;#ffffff&#8221; size=&#8221;lg&#8221; align=&#8221;center&#8221; i_icon_fontawesome=&#8221;&#8221; add_icon=&#8221;true&#8221; link=&#8221;url:https%3A%2F%2Fwww.giovenzana.com%2Fpt-br%2Fexposicoes%2Farchivo-de-exposicoes%2F|&#8221;][\/vc_column][\/vc_row][vc_row][vc_column][vc_empty_space][vc_column_text] Pr\u00f3ximas Exposi\u00e7\u00f5es [\/vc_column_text][vc_basic_grid post_type=&#8221;post&#8221; max_items=&#8221;50&#8243; gap=&#8221;35&#8243; orderby=&#8221;meta_value&#8221; order=&#8221;ASC&#8221; item=&#8221;9855&#8243; initial_loading_animation=&#8221;none&#8221; grid_id=&#8221;vc_gid:1740480955075-b037aa65-a869-2&#8243; taxonomies=&#8221;2820&#8243; meta_key=&#8221;exh_dateStart&#8221;][\/vc_column][\/vc_row][vc_row][vc_column][vc_separator][\/vc_column][\/vc_row][vc_row][vc_column][vc_empty_space][vc_column_text] Exposi\u00e7\u00f5es anteriores [\/vc_column_text][vc_basic_grid post_type=&#8221;post&#8221; max_items=&#8221;8&#8243; style=&#8221;lazy&#8221;&hellip;","og_url":"https:\/\/www.giovenzana.com\/pt-br\/exposicoes\/","og_site_name":"Giovenzana","article_publisher":"https:\/\/www.facebook.com\/giovenzanainternational","article_modified_time":"2025-02-25T11:02:38+00:00","og_image":[{"width":1920,"height":1067,"url":"https:\/\/www.giovenzana.com\/wp-content\/uploads\/blurred-defocused-background-public-event-exhibition-hall-business-trade-show-concept_B.jpg","type":"image\/jpeg"}],"twitter_card":"summary_large_image","twitter_misc":{"Est. tempo de leitura":"1 minuto"},"schema":{"@context":"https:\/\/schema.org","@graph":[{"@type":"WebPage","@id":"https:\/\/www.giovenzana.com\/pt-br\/exposicoes\/","url":"https:\/\/www.giovenzana.com\/pt-br\/exposicoes\/","name":"Exposi\u00e7\u00f5es &#8211; Giovenzana","isPartOf":{"@id":"https:\/\/www.giovenzana.com\/pt-br\/#website"},"primaryImageOfPage":{"@id":"https:\/\/www.giovenzana.com\/pt-br\/exposicoes\/#primaryimage"},"image":{"@id":"https:\/\/www.giovenzana.com\/pt-br\/exposicoes\/#primaryimage"},"thumbnailUrl":"https:\/\/www.giovenzana.com\/wp-content\/uploads\/blurred-defocused-background-public-event-exhibition-hall-business-trade-show-concept_B.jpg","datePublished":"2019-01-07T16:19:59+00:00","dateModified":"2025-02-25T11:02:38+00:00","breadcrumb":{"@id":"https:\/\/www.giovenzana.com\/pt-br\/exposicoes\/#breadcrumb"},"inLanguage":"pt-BR","potentialAction":[{"@type":"ReadAction","target":["https:\/\/www.giovenzana.com\/pt-br\/exposicoes\/"]}]},{"@type":"ImageObject","inLanguage":"pt-BR","@id":"https:\/\/www.giovenzana.com\/pt-br\/exposicoes\/#primaryimage","url":"https:\/\/www.giovenzana.com\/wp-content\/uploads\/blurred-defocused-background-public-event-exhibition-hall-business-trade-show-concept_B.jpg","contentUrl":"https:\/\/www.giovenzana.com\/wp-content\/uploads\/blurred-defocused-background-public-event-exhibition-hall-business-trade-show-concept_B.jpg","width":1920,"height":1067,"caption":"Blurred Defocused Background Public Event Exhibition Hall Business Trade Show Concept B"},{"@type":"BreadcrumbList","@id":"https:\/\/www.giovenzana.com\/pt-br\/exposicoes\/#breadcrumb","itemListElement":[{"@type":"ListItem","position":1,"name":"Home","item":"https:\/\/www.giovenzana.com\/pt-br\/"},{"@type":"ListItem","position":2,"name":"Exposi\u00e7\u00f5es"}]},{"@type":"WebSite","@id":"https:\/\/www.giovenzana.com\/pt-br\/#website","url":"https:\/\/www.giovenzana.com\/pt-br\/","name":"Giovenzana","description":"Piccoli oggetti d\u2019arte di grande tecnologia","publisher":{"@id":"https:\/\/www.giovenzana.com\/pt-br\/#organization"},"potentialAction":[{"@type":"SearchAction","target":{"@type":"EntryPoint","urlTemplate":"https:\/\/www.giovenzana.com\/pt-br\/?s={search_term_string}"},"query-input":{"@type":"PropertyValueSpecification","valueRequired":true,"valueName":"search_term_string"}}],"inLanguage":"pt-BR"},{"@type":"Organization","@id":"https:\/\/www.giovenzana.com\/pt-br\/#organization","name":"Giovenzana International B.V.","url":"https:\/\/www.giovenzana.com\/pt-br\/","logo":{"@type":"ImageObject","inLanguage":"pt-BR","@id":"https:\/\/www.giovenzana.com\/pt-br\/#\/schema\/logo\/image\/","url":"https:\/\/www.giovenzana.com\/wp-content\/uploads\/logo-giovenzana-international.png","contentUrl":"https:\/\/www.giovenzana.com\/wp-content\/uploads\/logo-giovenzana-international.png","width":301,"height":98,"caption":"Giovenzana International B.V."},"image":{"@id":"https:\/\/www.giovenzana.com\/pt-br\/#\/schema\/logo\/image\/"},"sameAs":["https:\/\/www.facebook.com\/giovenzanainternational","https:\/\/www.linkedin.com\/company\/giovenzanainternational","https:\/\/www.youtube.com\/channel\/UCN-H9aOP26hpeo4zqxpGTxw"]}]}},"_links":{"self":[{"href":"https:\/\/www.giovenzana.com\/pt-br\/wp-json\/wp\/v2\/pages\/12669","targetHints":{"allow":["GET"]}}],"collection":[{"href":"https:\/\/www.giovenzana.com\/pt-br\/wp-json\/wp\/v2\/pages"}],"about":[{"href":"https:\/\/www.giovenzana.com\/pt-br\/wp-json\/wp\/v2\/types\/page"}],"author":[{"embeddable":true,"href":"https:\/\/www.giovenzana.com\/pt-br\/wp-json\/wp\/v2\/users\/1"}],"replies":[{"embeddable":true,"href":"https:\/\/www.giovenzana.com\/pt-br\/wp-json\/wp\/v2\/comments?post=12669"}],"version-history":[{"count":7,"href":"https:\/\/www.giovenzana.com\/pt-br\/wp-json\/wp\/v2\/pages\/12669\/revisions"}],"predecessor-version":[{"id":52036,"href":"https:\/\/www.giovenzana.com\/pt-br\/wp-json\/wp\/v2\/pages\/12669\/revisions\/52036"}],"wp:featuredmedia":[{"embeddable":true,"href":"https:\/\/www.giovenzana.com\/pt-br\/wp-json\/wp\/v2\/media\/49362"}],"wp:attachment":[{"href":"https:\/\/www.giovenzana.com\/pt-br\/wp-json\/wp\/v2\/media?parent=12669"}],"curies":[{"name":"wp","href":"https:\/\/api.w.org\/{rel}","templated":true}]}}